{"id":87,"date":"2025-04-21T11:48:52","date_gmt":"2025-04-21T08:48:52","guid":{"rendered":"https:\/\/www.ozanseymen.com\/tr\/?page_id=87"},"modified":"2026-03-09T18:05:52","modified_gmt":"2026-03-09T15:05:52","slug":"biyografi","status":"publish","type":"page","link":"https:\/\/www.ozanseymen.com\/tr\/biyografi\/","title":{"rendered":"Biyografi"},"content":{"rendered":"<p><strong>Profes\u00f6r Dr. Ozan Seymen Sezen Ankara\u2019da do\u011fdu. 1993 y\u0131l\u0131nda \u0130stanbul \u00dcniversitesi Cerrahpa\u015fa T\u0131p Fak\u00fcltesi\u2019nden mezun olarak t\u0131p doktoru oldu.\u00a0Evli ve bir k\u0131z \u00e7ocuk babas\u0131d\u0131r.<\/strong><\/p>\n<p>1996 y\u0131l\u0131nda t\u0131pta uzmanl\u0131k s\u0131nav\u0131n\u0131 kazanarak Kulak Burun Bo\u011faz Ba\u015f ve Boyun Cerrahisi (KBB-BBC) \u0130htisas\u0131na ba\u015flad\u0131. Uzmanl\u0131k e\u011fitimi s\u0131ras\u0131nda kulak, burun, bo\u011faz, boyun ve y\u00fcz b\u00f6lgesinin anatomisi, hastal\u0131klar\u0131 ve cerrahisi hakk\u0131nda \u00e7al\u0131\u015farak, tecr\u00fcbe kazand\u0131.<\/p>\n<p>1998 y\u0131l\u0131nda Amerika Birle\u015fik Devletleri\u2019nde\u00a0 bu alanda ihtisas veren \u00fcniversiteler i\u00e7inde en iyi e\u011fitim program\u0131na sahip kliniklerden biri olarak kabul edilen Michigan \u00dcniversitesi T\u0131p Fak\u00fcltesi KBB-BBC klini\u011finde \u00e7al\u0131\u015ft\u0131.<\/p>\n<p>2000 y\u0131l\u0131nda uzmanl\u0131k e\u011fitimini tamamlayarak, <strong>Kulak Burun Bo\u011faz Ba\u015f ve Boyun Cerrahisi Uzman\u0131 oldu<\/strong>. 2001 y\u0131l\u0131nda, Kartal Dr. L\u00fctfi K\u0131rdar E\u011fitim ve Ara\u015ft\u0131rma Hastanesi 1. <strong>KBB-BBC Klini\u011finde Ba\u015fasistanl\u0131k (E\u011fitici Uzman)<\/strong> g\u00f6revine ba\u015flad\u0131. bu g\u00f6revi s\u0131ras\u0131nda s\u00fcrekli olarak asistan doktorlara bilimsel, pratik ve cerrahi e\u011fitim verdi, bunun d\u0131\u015f\u0131nda\u00a0 t\u0131p fak\u00fcltesi \u00f6\u011frencilerine de KBB-BBC dersleri ve pratik e\u011fitimleri verdi.<\/p>\n<p>2007-2008 y\u0131llar\u0131nda Amerika Birle\u015fik Devletleri\u2019 nde, \u00fclkenin burun estetik cerrahisi ve y\u00fcz plastik cerrahisi alan\u0131ndaki \u00f6nde gelen cerrahlar\u0131ndan, burun estetik cerrahisi ve y\u00fcz plastik cerrahisi konusunda e\u011fitim ald\u0131.<\/p>\n<p>2010 y\u0131l\u0131nda kulak burun bo\u011faz yeterlilik s\u0131nav\u0131n\u0131 vererek yeterlilik belgesi ald\u0131.<\/p>\n<p>2012 y\u0131l\u0131nda s\u0131navlar\u0131n\u0131 vererek kulak burun bo\u011faz hastal\u0131klar\u0131 do\u00e7enti oldu.<\/p>\n<p>2012 y\u0131l\u0131nda yaz\u0131l\u0131 ve s\u00f6zl\u00fc s\u0131navlar sonucunda Avrupa kulak burun bo\u011faz ba\u015f ve boyun cerrahisi yeterlilik belgesini almaya hak kazand\u0131.<\/p>\n<p>2014 y\u0131l\u0131nda y\u00fcz plastik cerrahi okulu olarak adland\u0131r\u0131lan 1 y\u0131l s\u00fcren y\u00fcz estetik cerrahisi e\u011fitimini tamamlad\u0131.<\/p>\n<p>2013 y\u0131l\u0131nda Fatih Sultan Mehmet E\u011fitim ve Ara\u015ft\u0131rma Hastanesi KBB Klini\u011fine e\u011fitim g\u00f6revlisi olarak atanm\u0131\u015ft\u0131r. Hastalar\u0131na daha iyi bir ortamda hizmet verebilmek amac\u0131yla bu g\u00f6revinden istifa ederek \u00f6zel sekt\u00f6rde \u00e7al\u0131\u015fmaya ba\u015flad\u0131. 2013- 2017 y\u0131llar\u0131 aras\u0131nda \u00d6zel MediENT KBB merkezinde hizmet verdi. 2017 y\u0131l\u0131nda, \u0130stanbul Ata\u015fehir\u2019de kendisine ait \u00f6zel ofisini a\u00e7t\u0131. 2019 y\u0131l\u0131nda \u0130stanbul Okan \u00dcniversitesi T\u0131p Fak\u00fcltesi KBB Anabilim dal\u0131nda \u00e7al\u0131\u015fmaya ba\u015flad\u0131. Bu g\u00f6revi s\u0131ras\u0131nda T\u0131p Fak\u00fcltesi ve Di\u015f Hekimli\u011fi Fak\u00fcltesi \u00f6\u011frencilerine teorik ve pratik dersler verdi, operasyonlar\u0131n\u0131 da ayn\u0131 kurumda ger\u00e7ekle\u015ftirdi.<\/p>\n<p>2019 y\u0131l\u0131nda \u0130stanbul Okan \u00dcniversitesi T\u0131p Fak\u00fcltesi KBB Anabilim dal\u0131nda kulak burun bo\u011faz hastal\u0131klar\u0131 profes\u00f6r\u00fc oldu.<\/p>\n<p>2025 y\u0131l\u0131nda yaz\u0131l\u0131 ve s\u00f6zl\u00fc s\u0131navlar sonucunda Avrupa y\u00fcz plastik ve rekonstr\u00fcktif cerrahisi yeterlilik belgesini almaya hak kazand\u0131.<\/p>\n<p>Halen Suadiye Ba\u011fdat caddesindeki muayenehanesinde ve Ac\u0131badem Ata\u015fehir T\u0131p Merkezinde hastalar\u0131n\u0131 Kabul etmekte ve ameliyatlar\u0131n\u0131 ger\u00e7ekle\u015ftirmektedir.<\/p>\n<p>Prof. Dr. Sezen\u2019 in yerli ve uluslararas\u0131 Kulak Burun Bo\u011faz Ba\u015f ve Boyun Cerrahisi dergilerinde yay\u0131nlanm\u0131\u015f 30\u2019un \u00fcst\u00fcnde bilimsel \u00e7al\u0131\u015fmas\u0131 ve makalesi bulunmaktad\u0131r.<\/p>\n<p>Prof. Dr. Ozan Seymen Sezen, ba\u015fta estetik burun cerrahisi olmak \u00fczere y\u00fcz estetik ve plastik cerrahisi, horlama ve uyku apnesi cerrahisi ve kulak hastal\u0131klar\u0131 cerrahisi ile \u00f6zel olarak ilgilenmektedir.\u00a0Mesleki kariyeri boyunca ortalama bir KBB uzman\u0131n\u0131n uygulad\u0131\u011f\u0131n\u0131n \u00e7ok \u00fczerinde endoskopik sin\u00fcs cerrahisi, horlama ve apne cerrahisi, burun esteti\u011fi (rinoplasti), a\u011f\u0131z ve g\u0131rtlak kanseri cerrahisi ve kulak cerrahisi uygulam\u0131\u015ft\u0131r.<\/p>\n<p>&nbsp;<\/p>\n<div id=\"ez-toc-container\" class=\"ez-toc-v2_0_82_2 counter-flat ez-toc-counter ez-toc-grey ez-toc-container-direction\">\n<div class=\"ez-toc-title-container\">\n<p class=\"ez-toc-title\" style=\"cursor:inherit\">\u0130\u00e7indekiler<\/p>\n<span class=\"ez-toc-title-toggle\"><a href=\"#\" class=\"ez-toc-pull-right ez-toc-btn ez-toc-btn-xs ez-toc-btn-default ez-toc-toggle\" aria-label=\"\u0130\u00e7indekiler Tablosunu A\u00e7\/Kapat\"><span class=\"ez-toc-js-icon-con\"><span class=\"\"><span class=\"eztoc-hide\" style=\"display:none;\">Toggle<\/span><span class=\"ez-toc-icon-toggle-span\"><svg style=\"fill: #999;color:#999\" xmlns=\"http:\/\/www.w3.org\/2000\/svg\" class=\"list-377408\" width=\"20px\" height=\"20px\" viewBox=\"0 0 24 24\" fill=\"none\"><path d=\"M6 6H4v2h2V6zm14 0H8v2h12V6zM4 11h2v2H4v-2zm16 0H8v2h12v-2zM4 16h2v2H4v-2zm16 0H8v2h12v-2z\" fill=\"currentColor\"><\/path><\/svg><svg style=\"fill: #999;color:#999\" class=\"arrow-unsorted-368013\" xmlns=\"http:\/\/www.w3.org\/2000\/svg\" width=\"10px\" height=\"10px\" viewBox=\"0 0 24 24\" version=\"1.2\" baseProfile=\"tiny\"><path d=\"M18.2 9.3l-6.2-6.3-6.2 6.3c-.2.2-.3.4-.3.7s.1.5.3.7c.2.2.4.3.7.3h11c.3 0 .5-.1.7-.3.2-.2.3-.5.3-.7s-.1-.5-.3-.7zM5.8 14.7l6.2 6.3 6.2-6.3c.2-.2.3-.5.3-.7s-.1-.5-.3-.7c-.2-.2-.4-.3-.7-.3h-11c-.3 0-.5.1-.7.3-.2.2-.3.5-.3.7s.1.5.3.7z\"\/><\/svg><\/span><\/span><\/span><\/a><\/span><\/div>\n<nav><ul class='ez-toc-list ez-toc-list-level-1 eztoc-toggle-hide-by-default' ><li class='ez-toc-page-1'><a class=\"ez-toc-link ez-toc-heading-1\" href=\"https:\/\/www.ozanseymen.com\/tr\/biyografi\/#KULAK_BURUN_BOGAZ_%E2%80%93_BAS_VE_BOYUN_CERRAHISI\" >KULAK, BURUN BO\u011eAZ \u2013 BA\u015e VE BOYUN CERRAH\u0130S\u0130<\/a><\/li><li class='ez-toc-page-1'><a class=\"ez-toc-link ez-toc-heading-2\" href=\"https:\/\/www.ozanseymen.com\/tr\/biyografi\/#BURUN\" >BURUN:<\/a><\/li><li class='ez-toc-page-1'><a class=\"ez-toc-link ez-toc-heading-3\" href=\"https:\/\/www.ozanseymen.com\/tr\/biyografi\/#HORLAMA_VE_UYKU_APNESI\" >HORLAMA VE UYKU APNES\u0130:<\/a><\/li><li class='ez-toc-page-1'><a class=\"ez-toc-link ez-toc-heading-4\" href=\"https:\/\/www.ozanseymen.com\/tr\/biyografi\/#BOGAZ\" >BO\u011eAZ:<\/a><\/li><li class='ez-toc-page-1'><a class=\"ez-toc-link ez-toc-heading-5\" href=\"https:\/\/www.ozanseymen.com\/tr\/biyografi\/#BOYUN\" >BOYUN:<\/a><\/li><li class='ez-toc-page-1'><a class=\"ez-toc-link ez-toc-heading-6\" href=\"https:\/\/www.ozanseymen.com\/tr\/biyografi\/#KULAK\" >KULAK:<\/a><\/li><li class='ez-toc-page-1'><a class=\"ez-toc-link ez-toc-heading-7\" href=\"https:\/\/www.ozanseymen.com\/tr\/biyografi\/#CILT_TUMORLERI\" >C\u0130LT\u00a0 T\u00dcM\u00d6RLER\u0130<\/a><\/li><li class='ez-toc-page-1'><a class=\"ez-toc-link ez-toc-heading-8\" href=\"https:\/\/www.ozanseymen.com\/tr\/biyografi\/#YUZ_PLASTIK_CERRAHISI\" >Y\u00dcZ PLAST\u0130K CERRAH\u0130S\u0130<\/a><\/li><li class='ez-toc-page-1'><a class=\"ez-toc-link ez-toc-heading-9\" href=\"https:\/\/www.ozanseymen.com\/tr\/biyografi\/#CERRAHI_ISLEMLER\" >CERRAH\u0130 \u0130\u015eLEMLER:<\/a><\/li><li class='ez-toc-page-1'><a class=\"ez-toc-link ez-toc-heading-10\" href=\"https:\/\/www.ozanseymen.com\/tr\/biyografi\/#KISA_SURELI_ESTETIK_MUDAHALELER\" >KISA S\u00dcREL\u0130 ESTET\u0130K M\u00dcDAHALELER<\/a><\/li><\/ul><\/nav><\/div>\n<h2><span class=\"ez-toc-section\" id=\"KULAK_BURUN_BOGAZ_%E2%80%93_BAS_VE_BOYUN_CERRAHISI\"><\/span>KULAK, BURUN BO\u011eAZ \u2013 BA\u015e VE BOYUN CERRAH\u0130S\u0130<span class=\"ez-toc-section-end\"><\/span><\/h2>\n<h3><span class=\"ez-toc-section\" id=\"BURUN\"><\/span>BURUN:<span class=\"ez-toc-section-end\"><\/span><\/h3>\n<p><strong>Rinoplasti<\/strong> \u2013 Burun estetik cerrahisi<\/p>\n<p><strong>Septoplasti<\/strong> \u2013 Burun orta b\u00f6lmesi e\u011friliklerinin d\u00fczeltilmesi<\/p>\n<p><strong>Alt konka cerrahisi<\/strong> \u2013 Burun etlerinin k\u00fc\u00e7\u00fclt\u00fclmesi<\/p>\n<p><strong>Endoskopik sin\u00fcs cerrahisi<\/strong> \u2013 Sin\u00fczit ve nazal polip ameliyatlar\u0131<\/p>\n<p><strong>Nazal valv cerrahisi<\/strong> \u2013 Burun giri\u015findeki destek yap\u0131lar\u0131n\u0131n g\u00fc\u00e7lendirilmesi<\/p>\n<p><strong>Burun ve sin\u00fcs t\u00fcm\u00f6rlerinin cerrahisi<\/strong><\/p>\n<p>&nbsp;<\/p>\n<h3><span class=\"ez-toc-section\" id=\"HORLAMA_VE_UYKU_APNESI\"><\/span>HORLAMA VE UYKU APNES\u0130:<span class=\"ez-toc-section-end\"><\/span><\/h3>\n<p><strong>UPPP, UPF, Pillar \u0130mplant, Radyofrekans, Z plasti<\/strong> \u2013 Yumu\u015fak damak cerrahisi<\/p>\n<p><strong>Dil K\u00f6k\u00fc ask\u0131s\u0131<\/strong> \u2013 Dil k\u00f6k\u00fc yap\u0131lar\u0131n\u0131n \u00f6ne \u00e7ekilmesi ameliyat\u0131<\/p>\n<p><strong>Hyoid s\u00fcspansiyon<\/strong> \u2013 Boyun kemi\u011finin yerle\u015fiminin de\u011fi\u015ftirilmesi<\/p>\n<p>&nbsp;<\/p>\n<h3><span class=\"ez-toc-section\" id=\"BOGAZ\"><\/span>BO\u011eAZ:<span class=\"ez-toc-section-end\"><\/span><\/h3>\n<p><strong>Tonsillektomi<\/strong> \u2013 Bademcik ameliyat\u0131<\/p>\n<p><strong>Adenoidektomi<\/strong> \u2013 Geniz eti ameliyat\u0131<\/p>\n<p>A\u011f\u0131z i\u00e7i yap\u0131lar\u0131n t\u00fcm\u00f6r ameliyatlar\u0131<\/p>\n<p>&nbsp;<\/p>\n<h3><span class=\"ez-toc-section\" id=\"BOYUN\"><\/span>BOYUN:<span class=\"ez-toc-section-end\"><\/span><\/h3>\n<p><strong>Boyun kitleleri cerrahisi<\/strong><\/p>\n<p>Boyun t\u00fcm\u00f6rleri yada boyuna yay\u0131lm\u0131\u015f t\u00fcm\u00f6rlerin cerrahisi<\/p>\n<p><strong>Larenks t\u00fcm\u00f6rleri<\/strong> \u2013 Ses telleri ve etraf dokular\u0131n\u0131n t\u00fcm\u00f6r cerrahisi<\/p>\n<p><strong>Larenks cerrahisi<\/strong> \u2013 Ses tellerinin t\u00fcm\u00f6r d\u0131\u015f\u0131 hastal\u0131klar\u0131n\u0131n operasyonlar\u0131<\/p>\n<p>T\u00fck\u00fcr\u00fck Bezi hastal\u0131klar\u0131 ve t\u00fcm\u00f6rlerinin cerrahisi<\/p>\n<p>&nbsp;<\/p>\n<h3><span class=\"ez-toc-section\" id=\"KULAK\"><\/span>KULAK:<span class=\"ez-toc-section-end\"><\/span><\/h3>\n<p><strong>Ventilasyon t\u00fcp\u00fc uygulamas\u0131<\/strong> \u2013 Kulak zar\u0131na t\u00fcp yerle\u015ftirilmesi<\/p>\n<p><strong>Timpanoplasti<\/strong> \u2013 Kulak zar\u0131 deliklerinin onar\u0131m\u0131<\/p>\n<p><strong>Mastoidektomi<\/strong> \u2013 Orta kulak ve kulak arkas\u0131 yap\u0131lar\u0131n\u0131n yayg\u0131n iltahaplar\u0131n\u0131n cerrahisi<\/p>\n<p><strong>Temporal kemik t\u00fcm\u00f6r cerrahisi<\/strong> \u2013 Kulak ve etraf dokular\u0131n t\u00fcm\u00f6r cerrahisi<\/p>\n<p><strong>\u0130ntratimpanik enjeksiyonlar<\/strong> \u2013 Ba\u015f d\u00f6nmesi sebebiyle orta kula\u011fa ila\u00e7 uygulamalar\u0131<\/p>\n<p><strong>Stapedektomi- Otoskleroz-<\/strong> Orta Kulak kemikciklerinin kire\u00e7lenmesi ameliyat\u0131<\/p>\n<p>&nbsp;<\/p>\n<h3><span class=\"ez-toc-section\" id=\"CILT_TUMORLERI\"><\/span>C\u0130LT\u00a0 T\u00dcM\u00d6RLER\u0130<span class=\"ez-toc-section-end\"><\/span><\/h3>\n<p>Y\u00fczde ve dudakta olu\u015fan iyi yada k\u00f6t\u00fc huylu t\u00fcm\u00f6rlerin \u00e7\u0131kar\u0131larak olu\u015fan yaran\u0131n estetik olarak kapat\u0131lmas\u0131 i\u00e7in yap\u0131lan ameliyatlar<\/p>\n<p>&nbsp;<\/p>\n<h2><span class=\"ez-toc-section\" id=\"YUZ_PLASTIK_CERRAHISI\"><\/span>Y\u00dcZ PLAST\u0130K CERRAH\u0130S\u0130<span class=\"ez-toc-section-end\"><\/span><\/h2>\n<h3><span class=\"ez-toc-section\" id=\"CERRAHI_ISLEMLER\"><\/span>CERRAH\u0130 \u0130\u015eLEMLER:<span class=\"ez-toc-section-end\"><\/span><\/h3>\n<p><strong>Rinoplasti<\/strong> \u2013 Burun estetik cerrahisi<\/p>\n<p><strong>Blefaroplasti<\/strong> \u2013 G\u00f6z kapaklar\u0131n\u0131n estetik cerrahisi<\/p>\n<p><strong>Face lift<\/strong> \u2013 Y\u00fcz germe<\/p>\n<p><strong>Neck lift<\/strong> \u2013 Boyun germe<\/p>\n<p><strong>Lip lift<\/strong> \u2013 Dudak kald\u0131rma<\/p>\n<p><strong>Y\u00fcz ve Boyun liposuction<\/strong> \u2013 Y\u00fcz ve boyundaki ciltalt\u0131 ya\u011flar\u0131n al\u0131nmas\u0131<\/p>\n<p><strong>Endoskopik al\u0131n germe ve ka\u015f kald\u0131rma<\/strong><\/p>\n<p><strong>Ka\u015f kald\u0131rma<\/strong><\/p>\n<p><strong>Mentoplasti<\/strong> \u2013 \u00c7ene b\u00fcy\u00fctme ve \u00e7eneye \u015fekil verme<\/p>\n<p><strong>Malar ve submalar implantlar<\/strong> \u2013 Yanak \u00e7evresi ve elmac\u0131k kemi\u011fi \u015fekillendirme<\/p>\n<p><strong>Dudak implantlar\u0131<\/strong> \u2013 Dudak kal\u0131nla\u015ft\u0131rma<\/p>\n<p><strong>Aurik\u00fcloplasti<\/strong> \u2013 Kep\u00e7e kulak D\u00fczeltilmesi<\/p>\n<p>&nbsp;<\/p>\n<h3><span class=\"ez-toc-section\" id=\"KISA_SURELI_ESTETIK_MUDAHALELER\"><\/span>KISA S\u00dcREL\u0130 ESTET\u0130K M\u00dcDAHALELER<span class=\"ez-toc-section-end\"><\/span><\/h3>\n<p><strong>Botox Uygulamas\u0131<\/strong>&#8211; Y\u00fcz k\u0131r\u0131\u015f\u0131kl\u0131klar\u0131n\u0131n giderilmesi i\u00e7in enjeksiyon<\/p>\n<p><strong>Dolgu maddeleri uygulamas\u0131<\/strong> \u2013 K\u0131r\u0131\u015f\u0131kl\u0131klar\u0131n doldurulmas\u0131<\/p>\n<p><strong>Ya\u011f transferi<\/strong><\/p>\n<p><strong>Dermapen<\/strong><\/p>\n<p><strong>Mezoterapi<\/strong><\/p>\n<p><strong>PRP<\/strong><\/p>\n<p>K\u0131sa s\u00fcreli ve anestezisiz y\u00fcz germe i\u015flemleri<\/p>\n<p><strong>Skar revizyonu<\/strong> \u2013 Yara izi azaltma ve gizleme<\/p>\n<p><strong>Peeling<\/strong>&#8211; Y\u00fcz cildi y\u00fczeysel katmanlar\u0131n\u0131n soyularak cildin yenilenmesi ve gen\u00e7le\u015ftirilmesi<\/p>\n<div class=\"row\">\n<div class=\"col-sm-12 col-md-6 col-lg-4 col-xl-4\">\n<div class=\"item\"><a href=\"https:\/\/www.ozanseymen.com\/tr\/wp-content\/uploads\/2026\/03\/belge1.jpeg\" data-fancybox=\"review\"><img decoding=\"async\" class=\"img-fluid\" src=\"https:\/\/www.ozanseymen.com\/tr\/wp-content\/uploads\/2026\/03\/belge1.jpeg\" alt=\"\" title=\"\"><\/a><\/div>\n<\/div>\n<div class=\"col-sm-12 col-md-6 col-lg-4 col-xl-4\">\n<div class=\"item\"><a href=\"https:\/\/www.ozanseymen.com\/tr\/wp-content\/uploads\/2026\/03\/belge2.jpeg\" data-fancybox=\"review\"><img decoding=\"async\" class=\"img-fluid\" src=\"https:\/\/www.ozanseymen.com\/tr\/wp-content\/uploads\/2026\/03\/belge2.jpeg\" alt=\"\" title=\"\"><\/a><\/div>\n<\/div>\n<\/div>\n","protected":false},"excerpt":{"rendered":"<p>Profes\u00f6r Dr. Ozan Seymen Sezen Ankara\u2019da do\u011fdu. 1993 y\u0131l\u0131nda \u0130stanbul \u00dcniversitesi Cerrahpa\u015fa T\u0131p Fak\u00fcltesi\u2019nden mezun olarak t\u0131p doktoru oldu.\u00a0Evli ve bir k\u0131z \u00e7ocuk babas\u0131d\u0131r. 1996 y\u0131l\u0131nda t\u0131pta uzmanl\u0131k s\u0131nav\u0131n\u0131 kazanarak Kulak Burun Bo\u011faz Ba\u015f ve Boyun Cerrahisi (KBB-BBC) \u0130htisas\u0131na ba\u015flad\u0131. Uzmanl\u0131k e\u011fitimi s\u0131ras\u0131nda kulak, burun, bo\u011faz, boyun ve y\u00fcz b\u00f6lgesinin anatomisi, hastal\u0131klar\u0131 ve cerrahisi hakk\u0131nda [&hellip;]<\/p>\n","protected":false},"author":1,"featured_media":105,"parent":0,"menu_order":0,"comment_status":"closed","ping_status":"closed","template":"","meta":{"footnotes":""},"class_list":["post-87","page","type-page","status-publish","has-post-thumbnail","hentry"],"_links":{"self":[{"href":"https:\/\/www.ozanseymen.com\/tr\/wp-json\/wp\/v2\/pages\/87","targetHints":{"allow":["GET"]}}],"collection":[{"href":"https:\/\/www.ozanseymen.com\/tr\/wp-json\/wp\/v2\/pages"}],"about":[{"href":"https:\/\/www.ozanseymen.com\/tr\/wp-json\/wp\/v2\/types\/page"}],"author":[{"embeddable":true,"href":"https:\/\/www.ozanseymen.com\/tr\/wp-json\/wp\/v2\/users\/1"}],"replies":[{"embeddable":true,"href":"https:\/\/www.ozanseymen.com\/tr\/wp-json\/wp\/v2\/comments?post=87"}],"version-history":[{"count":5,"href":"https:\/\/www.ozanseymen.com\/tr\/wp-json\/wp\/v2\/pages\/87\/revisions"}],"predecessor-version":[{"id":1771,"href":"https:\/\/www.ozanseymen.com\/tr\/wp-json\/wp\/v2\/pages\/87\/revisions\/1771"}],"wp:featuredmedia":[{"embeddable":true,"href":"https:\/\/www.ozanseymen.com\/tr\/wp-json\/wp\/v2\/media\/105"}],"wp:attachment":[{"href":"https:\/\/www.ozanseymen.com\/tr\/wp-json\/wp\/v2\/media?parent=87"}],"curies":[{"name":"wp","href":"https:\/\/api.w.org\/{rel}","templated":true}]}}